{"id":3163,"date":"2025-01-09T07:30:22","date_gmt":"2025-01-09T06:30:22","guid":{"rendered":"https:\/\/claudius-therme.de\/sauna-area\/rosenterassen\/"},"modified":"2025-04-27T10:10:03","modified_gmt":"2025-04-27T08:10:03","slug":"rosenterassen","status":"publish","type":"page","link":"https:\/\/www.claudius-therme.de\/en\/sauna-area\/rosenterassen\/","title":{"rendered":"Rose Terraces"},"content":{"rendered":"\n<div class=\"stage  max-h-[32rem] \">\n  <div class=\"w-full lg:w-50  max-h-[32rem] overflow-hidden relative\">\n    <div class=\"w-full aspect-[5\/2] max-h-[32rem] \">\n      <img decoding=\"async\" width=\"2560\" height=\"640\" src=\"https:\/\/www.claudius-therme.de\/app\/uploads\/2025\/01\/Rosenterrassen-scaled-e1739793998465.jpg\" class=\"scale-[1.1] w-full h-full object-cover position-center  duration-[600ms] taos:scale-[1.1] [animation-iteration-count:infinite]\" alt=\"Eine junge Frau mit langen, lockigen Haaren l\u00e4uft barfus neben einem Pool auf einer Holzterrasse. Sie ist in ein wei\u00dfes Handtuch gewickelt und lacht. Im Vordergrund ist unscharf ein Busch mit pinken Bl\u00fcten zu sehen\" srcset=\"https:\/\/www.claudius-therme.de\/app\/uploads\/2025\/01\/Rosenterrassen-scaled-e1739793998465.jpg 2560w, https:\/\/www.claudius-therme.de\/app\/uploads\/2025\/01\/Rosenterrassen-scaled-e1739793998465-300x75.jpg 300w, https:\/\/www.claudius-therme.de\/app\/uploads\/2025\/01\/Rosenterrassen-scaled-e1739793998465-1024x256.jpg 1024w, https:\/\/www.claudius-therme.de\/app\/uploads\/2025\/01\/Rosenterrassen-scaled-e1739793998465-768x192.jpg 768w, https:\/\/www.claudius-therme.de\/app\/uploads\/2025\/01\/Rosenterrassen-scaled-e1739793998465-1536x384.jpg 1536w, https:\/\/www.claudius-therme.de\/app\/uploads\/2025\/01\/Rosenterrassen-scaled-e1739793998465-2048x512.jpg 2048w, https:\/\/www.claudius-therme.de\/app\/uploads\/2025\/01\/Rosenterrassen-scaled-e1739793998465-1000x250.jpg 1000w, https:\/\/www.claudius-therme.de\/app\/uploads\/2025\/01\/Rosenterrassen-scaled-e1739793998465-1600x400.jpg 1600w\" sizes=\"(max-width: 2560px) 100vw, 2560px\" \/>    <\/div>\n\n    <!--  -->\n<\/div>\n\n<\/div>\n\n\n<div class=\"ce-section px-3 text-blue-d bg-gray-m text-left\" id=\"\">\n  <div class=\"container grid grid-cols-6\">\n        <div class=\"col-span-6 md:col-span-4 flex flex-col gap-5 \">\n              <h1 class=\"hl-2\">Rose Terraces<\/h1>\n                          <div class=\" tx-5 wysiwyg-content-text\"><p>Idyllically situated in the park, the Rose Terraces, which were built for the German National Garden Show in 1957, are also a small architectural highlight of our facility. This is where you will find the large Rose Sauna along with the Day Spa Suite, the Rose Caf\u00e9, sunny terraces and more. <\/p>\n<\/div>\n          <\/div>\n\n  <\/div>\n<\/div>\n\n\n<div class=\"ce-section ce-teaser_  bg-blue-l !py-0\">\n  <div class=\"  \">\n    <div class=\"flex flex-col gap-8 lg:gap-0  lg:flex-row-reverse min-h-[400px]\">\n\n\n      <div class=\"w-full flex justify-center lg:w-50\">\n        <div class=\"flex flex-col  justify-center gap-6 px-12 lg:px-24  px-4  py-4 lg:py-12\">\n                      <h2 class=\"hl-3 text-blue-d\">Outdoor loungers<\/h2>\n                                          <div class=\"wysiwyg-content-text tx-3  text-blue-d\"><p>Our outdoor loungers in the rose garden offer you a rest area with coziness for reading or simply relaxing.<br \/>\nPlease note that our loungers are in the sauna area and this is a textile-free zone. If you want to book your personal retreat for a day, please do so at least 24 hours in advance using our online spa booking system. <\/p>\n<\/div>\n          \n          \n            <div class=\"flex flex-col -mt-4\">\n              <span class=\"tx-3   text-blue-d\">1 day for 2 people<\/span>\n              <span class=\"tx-8 text-blue-d font-bold\">20,00 \u20ac<\/span>\n            <\/div>\n\n                                <div class=\"flex flex-wrap gap-8\">\n              \n                                <div>\n                                      <a tabindex=\"0\"  href=\"https:\/\/claudius-therme.de\/wellness-reservierung\/\" class=\"group btn -primary \" target=\"\">\n                      <span class=\"\">Book an outdoor lounger                                                                      <\/span>\n                    <\/a>\n                  \n                                  <\/div>\n                          <\/div>\n                  <\/div>\n\n      <\/div>\n\n  \n        <div class=\" w-full  lg:w-50\">\n          <div class=\"h-full flex items-center\">\n          <div class=\"w-full aspect-[16\/9]    h-full delay-[300ms] duration-[600ms] taos:scale-[0.9] taos:opacity-0 [animation-iteration-count:infinite]\" data-taos-offset=\"0\">\n            <img decoding=\"async\" width=\"1966\" height=\"1311\" src=\"https:\/\/www.claudius-therme.de\/app\/uploads\/2025\/02\/loungebett2-aspect-ratio-1600-900.jpg\" class=\"w-full h-full object-cover position-center w-[768px]\" alt=\"Ein Paar in wei\u00dfen Badem\u00e4nteln liegt auf einem Loungebett mit beigen Stoffbahnen\" srcset=\"https:\/\/www.claudius-therme.de\/app\/uploads\/2025\/02\/loungebett2-aspect-ratio-1600-900.jpg 1966w, https:\/\/www.claudius-therme.de\/app\/uploads\/2025\/02\/loungebett2-aspect-ratio-1600-900-300x200.jpg 300w, https:\/\/www.claudius-therme.de\/app\/uploads\/2025\/02\/loungebett2-aspect-ratio-1600-900-1024x683.jpg 1024w, https:\/\/www.claudius-therme.de\/app\/uploads\/2025\/02\/loungebett2-aspect-ratio-1600-900-768x512.jpg 768w, https:\/\/www.claudius-therme.de\/app\/uploads\/2025\/02\/loungebett2-aspect-ratio-1600-900-1536x1024.jpg 1536w, https:\/\/www.claudius-therme.de\/app\/uploads\/2025\/02\/loungebett2-aspect-ratio-1600-900-1000x667.jpg 1000w, https:\/\/www.claudius-therme.de\/app\/uploads\/2025\/02\/loungebett2-aspect-ratio-1600-900-1600x1067.jpg 1600w, https:\/\/www.claudius-therme.de\/app\/uploads\/2025\/02\/loungebett2-aspect-ratio-1600-900-1350x900.jpg 1350w\" sizes=\"(max-width: 1966px) 100vw, 1966px\" \/>          <\/div>\n        <\/div>\n      <\/div>\n\n    <\/div>\n  <\/div>\n<\/div>\n\n\n<div class=\"ce-section px-3 text-blue-d bg-gray-m text-left\" id=\"\">\n  <div class=\"container grid grid-cols-6\">\n        <div class=\"col-span-6 md:col-span-4 flex flex-col gap-5 \">\n              <h2 class=\"hl-3\">Some impressions from the Rose Terraces<\/h2>\n                      <\/div>\n\n  <\/div>\n<\/div>\n\n\n\n<div class=\"ce-section py-16 bg-gray-m\">\n  <div class=\" container \">\n          <ul class=\"grid grids-cols-1 md:grid-cols-3 gap-12 justify-center \">\n                  <li class=\"flex flex-col gap-2  delay-[300ms] duration-[600ms] taos:scale-[0.9] taos:opacity-0 [animation-iteration-count:infinite]\" data-taos-offset=\"0\">\n            <div class=\"w-full aspect-\">\n              <img decoding=\"async\" width=\"1024\" height=\"1024\" src=\"https:\/\/www.claudius-therme.de\/app\/uploads\/2025\/02\/rosencafe2-scaled-aspect-ratio-1000-1000-1-1024x1024.jpg\" class=\"w-full h-full object-cover position-center\" alt=\"The Rose Terraces with a view of the Rheinpark\" srcset=\"https:\/\/www.claudius-therme.de\/app\/uploads\/2025\/02\/rosencafe2-scaled-aspect-ratio-1000-1000-1-1024x1024.jpg 1024w, https:\/\/www.claudius-therme.de\/app\/uploads\/2025\/02\/rosencafe2-scaled-aspect-ratio-1000-1000-1-300x300.jpg 300w, https:\/\/www.claudius-therme.de\/app\/uploads\/2025\/02\/rosencafe2-scaled-aspect-ratio-1000-1000-1-150x150.jpg 150w, https:\/\/www.claudius-therme.de\/app\/uploads\/2025\/02\/rosencafe2-scaled-aspect-ratio-1000-1000-1-768x768.jpg 768w, https:\/\/www.claudius-therme.de\/app\/uploads\/2025\/02\/rosencafe2-scaled-aspect-ratio-1000-1000-1-1536x1536.jpg 1536w, https:\/\/www.claudius-therme.de\/app\/uploads\/2025\/02\/rosencafe2-scaled-aspect-ratio-1000-1000-1-1000x1000.jpg 1000w, https:\/\/www.claudius-therme.de\/app\/uploads\/2025\/02\/rosencafe2-scaled-aspect-ratio-1000-1000-1-1200x1200.jpg 1200w, https:\/\/www.claudius-therme.de\/app\/uploads\/2025\/02\/rosencafe2-scaled-aspect-ratio-1000-1000-1-900x900.jpg 900w, https:\/\/www.claudius-therme.de\/app\/uploads\/2025\/02\/rosencafe2-scaled-aspect-ratio-1000-1000-1.jpg 1728w\" sizes=\"(max-width: 1024px) 100vw, 1024px\" \/>            <\/div>\n            <p class=\"tx-3 text-blue-d\">The Rose Terraces with a view of the Rheinpark<\/p>\n          <\/li>\n\n                  <li class=\"flex flex-col gap-2  delay-[300ms] duration-[600ms] taos:scale-[0.9] taos:opacity-0 [animation-iteration-count:infinite]\" data-taos-offset=\"0\">\n            <div class=\"w-full aspect-\">\n              <img decoding=\"async\" width=\"1024\" height=\"1024\" src=\"https:\/\/www.claudius-therme.de\/app\/uploads\/2025\/02\/ruhen-aspect-ratio-1000-1000-1024x1024.jpg\" class=\"w-full h-full object-cover position-center\" alt=\"One of our numerous relaxation rooms\" srcset=\"https:\/\/www.claudius-therme.de\/app\/uploads\/2025\/02\/ruhen-aspect-ratio-1000-1000-1024x1024.jpg 1024w, https:\/\/www.claudius-therme.de\/app\/uploads\/2025\/02\/ruhen-aspect-ratio-1000-1000-300x300.jpg 300w, https:\/\/www.claudius-therme.de\/app\/uploads\/2025\/02\/ruhen-aspect-ratio-1000-1000-150x150.jpg 150w, https:\/\/www.claudius-therme.de\/app\/uploads\/2025\/02\/ruhen-aspect-ratio-1000-1000-768x768.jpg 768w, https:\/\/www.claudius-therme.de\/app\/uploads\/2025\/02\/ruhen-aspect-ratio-1000-1000-1536x1536.jpg 1536w, https:\/\/www.claudius-therme.de\/app\/uploads\/2025\/02\/ruhen-aspect-ratio-1000-1000-1000x1000.jpg 1000w, https:\/\/www.claudius-therme.de\/app\/uploads\/2025\/02\/ruhen-aspect-ratio-1000-1000-1200x1200.jpg 1200w, https:\/\/www.claudius-therme.de\/app\/uploads\/2025\/02\/ruhen-aspect-ratio-1000-1000-900x900.jpg 900w, https:\/\/www.claudius-therme.de\/app\/uploads\/2025\/02\/ruhen-aspect-ratio-1000-1000.jpg 1659w\" sizes=\"(max-width: 1024px) 100vw, 1024px\" \/>            <\/div>\n            <p class=\"tx-3 text-blue-d\">One of our numerous relaxation rooms<\/p>\n          <\/li>\n\n                  <li class=\"flex flex-col gap-2  delay-[300ms] duration-[600ms] taos:scale-[0.9] taos:opacity-0 [animation-iteration-count:infinite]\" data-taos-offset=\"0\">\n            <div class=\"w-full aspect-\">\n              <img decoding=\"async\" width=\"1024\" height=\"1024\" src=\"https:\/\/www.claudius-therme.de\/app\/uploads\/2025\/02\/Kelosauna-scaled-aspect-ratio-1000-1000-1024x1024.jpg\" class=\"w-full h-full object-cover position-center\" alt=\"A Finnish Aufguss sauna\" srcset=\"https:\/\/www.claudius-therme.de\/app\/uploads\/2025\/02\/Kelosauna-scaled-aspect-ratio-1000-1000-1024x1024.jpg 1024w, https:\/\/www.claudius-therme.de\/app\/uploads\/2025\/02\/Kelosauna-scaled-aspect-ratio-1000-1000-300x300.jpg 300w, https:\/\/www.claudius-therme.de\/app\/uploads\/2025\/02\/Kelosauna-scaled-aspect-ratio-1000-1000-150x150.jpg 150w, https:\/\/www.claudius-therme.de\/app\/uploads\/2025\/02\/Kelosauna-scaled-aspect-ratio-1000-1000-768x768.jpg 768w, https:\/\/www.claudius-therme.de\/app\/uploads\/2025\/02\/Kelosauna-scaled-aspect-ratio-1000-1000-1536x1536.jpg 1536w, https:\/\/www.claudius-therme.de\/app\/uploads\/2025\/02\/Kelosauna-scaled-aspect-ratio-1000-1000-1000x1000.jpg 1000w, https:\/\/www.claudius-therme.de\/app\/uploads\/2025\/02\/Kelosauna-scaled-aspect-ratio-1000-1000-1200x1200.jpg 1200w, https:\/\/www.claudius-therme.de\/app\/uploads\/2025\/02\/Kelosauna-scaled-aspect-ratio-1000-1000-900x900.jpg 900w, https:\/\/www.claudius-therme.de\/app\/uploads\/2025\/02\/Kelosauna-scaled-aspect-ratio-1000-1000.jpg 1750w\" sizes=\"(max-width: 1024px) 100vw, 1024px\" \/>            <\/div>\n            <p class=\"tx-3 text-blue-d\">A Finnish Aufguss sauna<\/p>\n          <\/li>\n\n              <\/ul>\n      <\/div>\n<\/div>\n\n\n\n<div class=\"ce-section py-16 bg-gray-m\">\n  <div class=\" container \">\n          <ul class=\"grid grids-cols-1 md:grid-cols-3 gap-12 justify-center \">\n                  <li class=\"flex flex-col gap-2  delay-[300ms] duration-[600ms] taos:scale-[0.9] taos:opacity-0 [animation-iteration-count:infinite]\" data-taos-offset=\"0\">\n            <div class=\"w-full aspect-\">\n                          <\/div>\n            <p class=\"tx-3 text-blue-d\">Culinary delights on the breezy terrace by the pool<\/p>\n          <\/li>\n\n                  <li class=\"flex flex-col gap-2  delay-[300ms] duration-[600ms] taos:scale-[0.9] taos:opacity-0 [animation-iteration-count:infinite]\" data-taos-offset=\"0\">\n            <div class=\"w-full aspect-\">\n              <img decoding=\"async\" width=\"704\" height=\"704\" src=\"https:\/\/www.claudius-therme.de\/app\/uploads\/2025\/02\/Sauna-Garten-aspect-ratio-1000-1000.jpg\" class=\"w-full h-full object-cover position-center\" alt=\"Lots of green awaits you in the rose terraces\" srcset=\"https:\/\/www.claudius-therme.de\/app\/uploads\/2025\/02\/Sauna-Garten-aspect-ratio-1000-1000.jpg 704w, https:\/\/www.claudius-therme.de\/app\/uploads\/2025\/02\/Sauna-Garten-aspect-ratio-1000-1000-300x300.jpg 300w, https:\/\/www.claudius-therme.de\/app\/uploads\/2025\/02\/Sauna-Garten-aspect-ratio-1000-1000-150x150.jpg 150w\" sizes=\"(max-width: 704px) 100vw, 704px\" \/>            <\/div>\n            <p class=\"tx-3 text-blue-d\">Lots of green awaits you in the rose terraces<\/p>\n          <\/li>\n\n                  <li class=\"flex flex-col gap-2  delay-[300ms] duration-[600ms] taos:scale-[0.9] taos:opacity-0 [animation-iteration-count:infinite]\" data-taos-offset=\"0\">\n            <div class=\"w-full aspect-\">\n              <img decoding=\"async\" width=\"704\" height=\"704\" src=\"https:\/\/www.claudius-therme.de\/app\/uploads\/2025\/02\/Rosenterrassen-Pool2-aspect-ratio-1000-1000.jpg\" class=\"w-full h-full object-cover position-center\" alt=\"Enjoy the evening sun in the pool\" srcset=\"https:\/\/www.claudius-therme.de\/app\/uploads\/2025\/02\/Rosenterrassen-Pool2-aspect-ratio-1000-1000.jpg 704w, https:\/\/www.claudius-therme.de\/app\/uploads\/2025\/02\/Rosenterrassen-Pool2-aspect-ratio-1000-1000-300x300.jpg 300w, https:\/\/www.claudius-therme.de\/app\/uploads\/2025\/02\/Rosenterrassen-Pool2-aspect-ratio-1000-1000-150x150.jpg 150w\" sizes=\"(max-width: 704px) 100vw, 704px\" \/>            <\/div>\n            <p class=\"tx-3 text-blue-d\">Enjoy the evening sun in the pool<\/p>\n          <\/li>\n\n              <\/ul>\n      <\/div>\n<\/div>\n\n\n\n<div class=\"ce-section px-3  bg-blue-l text-blue-d \">\n  <div class=\"container\">\n        <div class=\"grid grids-cols-1 md:grid-cols-2 lg:grid-cols-2 gap-6 justify-center \">\n      \n                <article class=\"teasercard_ w-full  overflow-hidden flex flex-col-reverse delay-[300ms] duration-[600ms] taos:scale-[0.9] taos:opacity-0 [animation-iteration-count:infinite]\" data-taos-offset=\"0\">\n\n          <div class=\"py-6 flex flex-col gap-3  justify-between h-full\">\n            <div class=\"flex flex-col gap-3 \">\n              <h4 class=\"hl-4  my-0\">Floatation pool<\/h4>\n                              <div class=\"tx-3  my-0 wysiwyg-content-text\"><p>Experience the relaxing feeling of weightlessness. The floatation pool is infused with 12 tonnes of salt from the Dead Sea to create a 15% brine solution that allows you to float on the water. The stress and hectic pace of everyday life disappear and, besides a completely new form of relaxation, bathing in this mixture of healing and magnesium-rich salt water also has medicinal effects and is good for your skin.<\/p>\n<\/div>\n                          <\/div>\n                          <div>\n                <a tabindex=\"0\" href=\"https:\/\/claudius-therme.de\/wellness-reservierung\/\" class=\"group btn -primary \" target=\"\">\n                  <span class=\"relative\">\n                    \n                    Give as a gift voucher                    \n                  <\/span>\n                <\/a>\n              <\/div>\n                      <\/div>\n                     \n            <div class=\"w-full aspect-[1\/1]\">\n              <img decoding=\"async\" width=\"1024\" height=\"1024\" src=\"https:\/\/www.claudius-therme.de\/app\/uploads\/2025\/02\/schwebebecken-scaled-aspect-ratio-900-900-1024x1024.jpg\" class=\"w-full h-full object-cover position-center\" alt=\"Eine Frau in einem schwarzen Bikini schaut in die Kamera w\u00e4hrend sie in einem Wasserbecken schwebt\" srcset=\"https:\/\/www.claudius-therme.de\/app\/uploads\/2025\/02\/schwebebecken-scaled-aspect-ratio-900-900-1024x1024.jpg 1024w, https:\/\/www.claudius-therme.de\/app\/uploads\/2025\/02\/schwebebecken-scaled-aspect-ratio-900-900-300x300.jpg 300w, https:\/\/www.claudius-therme.de\/app\/uploads\/2025\/02\/schwebebecken-scaled-aspect-ratio-900-900-150x150.jpg 150w, https:\/\/www.claudius-therme.de\/app\/uploads\/2025\/02\/schwebebecken-scaled-aspect-ratio-900-900-768x768.jpg 768w, https:\/\/www.claudius-therme.de\/app\/uploads\/2025\/02\/schwebebecken-scaled-aspect-ratio-900-900-1536x1536.jpg 1536w, https:\/\/www.claudius-therme.de\/app\/uploads\/2025\/02\/schwebebecken-scaled-aspect-ratio-900-900-1000x1000.jpg 1000w, https:\/\/www.claudius-therme.de\/app\/uploads\/2025\/02\/schwebebecken-scaled-aspect-ratio-900-900-1200x1200.jpg 1200w, https:\/\/www.claudius-therme.de\/app\/uploads\/2025\/02\/schwebebecken-scaled-aspect-ratio-900-900-900x900.jpg 900w, https:\/\/www.claudius-therme.de\/app\/uploads\/2025\/02\/schwebebecken-scaled-aspect-ratio-900-900.jpg 1750w\" sizes=\"(max-width: 1024px) 100vw, 1024px\" \/>            <\/div>\n                  <\/article>\n\n      \n                <article class=\"teasercard_ w-full  overflow-hidden flex flex-col-reverse delay-[300ms] duration-[600ms] taos:scale-[0.9] taos:opacity-0 [animation-iteration-count:infinite]\" data-taos-offset=\"0\">\n\n          <div class=\"py-6 flex flex-col gap-3  justify-between h-full\">\n            <div class=\"flex flex-col gap-3 \">\n              <h4 class=\"hl-4  my-0\">Private Day Spa Suite<\/h4>\n                              <div class=\"tx-3  my-0 wysiwyg-content-text\"><p><span class=\"spkl-paragraph-teil1\">Treat yourself to a special time-out for two in our Day Spa Suite. Experience partner treatments and bathing rituals, accompanied by culinary delights and champagne. <\/span><span class=\"spkl-paragraph-teil2\">culinary delights and champagne.<\/span><\/p>\n<\/div>\n                          <\/div>\n                          <div>\n                <a tabindex=\"0\" href=\"https:\/\/claudius-therme.de\/beauty-wellness\/wellness-arrangements\/\" class=\"group btn -secondary \" target=\"\">\n                  <span class=\"relative\">\n                    \n                    Discover Private Day Spa now                    \n                  <\/span>\n                <\/a>\n              <\/div>\n                      <\/div>\n                  <\/article>\n\n          <\/div>\n  <\/div>\n<\/div>\n\n\n<div class=\"ce-section px-3 text-blue-d bg-gray-m text-left\" id=\"\">\n  <div class=\"container grid grid-cols-6\">\n        <div class=\"col-span-6 md:col-span-4 flex flex-col gap-5 \">\n              <h2 class=\"hl-3\">Discover the other parts of our sauna area<\/h2>\n                      <\/div>\n\n  <\/div>\n<\/div>\n\n\n\n<div class=\"ce-section px-3  bg-gray-m text-blue-d \">\n  <div class=\"container\">\n        <div class=\"grid grids-cols-1 md:grid-cols-2 lg:grid-cols-3 gap-6 justify-center \">\n      \n                <article class=\"teasercard_ w-full  overflow-hidden flex flex-col-reverse delay-[300ms] duration-[600ms] taos:scale-[0.9] taos:opacity-0 [animation-iteration-count:infinite]\" data-taos-offset=\"0\">\n\n          <div class=\"py-6 flex flex-col gap-3  justify-between h-full\">\n            <div class=\"flex flex-col gap-3 \">\n              <h4 class=\"hl-4  my-0\">Indoor sauna area<\/h4>\n                              <div class=\"tx-3  my-0 wysiwyg-content-text\"><p>Our indoor sauna area with a large indoor pool, women-only area and its unique panoramic sauna with a view of Cologne Cathedral.<\/p>\n<\/div>\n                          <\/div>\n                          <div>\n                <a tabindex=\"0\" href=\"https:\/\/claudius-therme.de\/sauna\/saunainnenbereich\/\" class=\"group btn -textlink \" target=\"\">\n                  <span class=\"relative\">\n                    \n                    Discover our indoor sauna area                                          <svg class=\"transition-all absolute right-0 z-20 group-hover:-right-2 \" width=\"18\" height=\"15\" viewBox=\"0 0 18 15\" fill=\"none\" xmlns=\"http:\/\/www.w3.org\/2000\/svg\">\n                        <path fill-rule=\"evenodd\" clip-rule=\"evenodd\" d=\"M11.3431 0.292893L17.7071 6.65685C18.0976 7.04738 18.0976 7.68054 17.7071 8.07107L11.3431 14.435C10.9526 14.8256 10.3195 14.8256 9.92893 14.435C9.53841 14.0445 9.53841 13.4113 9.92893 13.0208L14.5858 8.36396H1C0.447715 8.36396 0 7.91625 0 7.36396C0 6.81168 0.447715 6.36396 1 6.36396H14.5858L9.92893 1.70711C9.53841 1.31658 9.53841 0.683418 9.92893 0.292893C10.3195 -0.0976311 10.9526 -0.0976311 11.3431 0.292893Z\" fill=\"currentColor\" \/>\n                      <\/svg>\n                    \n                  <\/span>\n                <\/a>\n              <\/div>\n                      <\/div>\n                     \n            <div class=\"w-full aspect-[1\/1]\">\n              <img decoding=\"async\" width=\"1024\" height=\"1024\" src=\"https:\/\/www.claudius-therme.de\/app\/uploads\/2025\/01\/Saunainnenbereich-scaled-aspect-ratio-900-900-1024x1024.jpg\" class=\"w-full h-full object-cover position-center\" alt=\"EIne Frau mit dunkelblonden, glatten, langen Haaren sitzt barfus auf dem Rand eines Innenpools. Sie hat einen wei\u00dfen Bademantel an. Von der Decke h\u00e4ngen helle Stoffbahnen bis zum Pool herunter, im Hintergrund sind warme Lichter erkennbar\" srcset=\"https:\/\/www.claudius-therme.de\/app\/uploads\/2025\/01\/Saunainnenbereich-scaled-aspect-ratio-900-900-1024x1024.jpg 1024w, https:\/\/www.claudius-therme.de\/app\/uploads\/2025\/01\/Saunainnenbereich-scaled-aspect-ratio-900-900-150x150.jpg 150w, https:\/\/www.claudius-therme.de\/app\/uploads\/2025\/01\/Saunainnenbereich-scaled-aspect-ratio-900-900-300x300.jpg 300w, https:\/\/www.claudius-therme.de\/app\/uploads\/2025\/01\/Saunainnenbereich-scaled-aspect-ratio-900-900-768x768.jpg 768w, https:\/\/www.claudius-therme.de\/app\/uploads\/2025\/01\/Saunainnenbereich-scaled-aspect-ratio-900-900-1536x1536.jpg 1536w, https:\/\/www.claudius-therme.de\/app\/uploads\/2025\/01\/Saunainnenbereich-scaled-aspect-ratio-900-900-2048x2048.jpg 2048w, https:\/\/www.claudius-therme.de\/app\/uploads\/2025\/01\/Saunainnenbereich-scaled-aspect-ratio-900-900-1000x1000.jpg 1000w, https:\/\/www.claudius-therme.de\/app\/uploads\/2025\/01\/Saunainnenbereich-scaled-aspect-ratio-900-900-1200x1200.jpg 1200w, https:\/\/www.claudius-therme.de\/app\/uploads\/2025\/01\/Saunainnenbereich-scaled-aspect-ratio-900-900-900x900.jpg 900w\" sizes=\"(max-width: 1024px) 100vw, 1024px\" \/>            <\/div>\n                  <\/article>\n\n      \n                <article class=\"teasercard_ w-full  overflow-hidden flex flex-col-reverse delay-[300ms] duration-[600ms] taos:scale-[0.9] taos:opacity-0 [animation-iteration-count:infinite]\" data-taos-offset=\"0\">\n\n          <div class=\"py-6 flex flex-col gap-3  justify-between h-full\">\n            <div class=\"flex flex-col gap-3 \">\n              <h4 class=\"hl-4  my-0\">Sauna village<\/h4>\n                              <div class=\"tx-3  my-0 wysiwyg-content-text\"><p>This is where you will find an original Russian banya, the very hot earthen wall sauna and a large infusion sauna, where a variety of &#8220;Aufguss&#8221; sessions takes place several times a day.<\/p>\n<\/div>\n                          <\/div>\n                          <div>\n                <a tabindex=\"0\" href=\"https:\/\/claudius-therme.de\/sauna\/saunadorf\/\" class=\"group btn -textlink \" target=\"\">\n                  <span class=\"relative\">\n                    \n                    Discover the sauna village                                          <svg class=\"transition-all absolute right-0 z-20 group-hover:-right-2 \" width=\"18\" height=\"15\" viewBox=\"0 0 18 15\" fill=\"none\" xmlns=\"http:\/\/www.w3.org\/2000\/svg\">\n                        <path fill-rule=\"evenodd\" clip-rule=\"evenodd\" d=\"M11.3431 0.292893L17.7071 6.65685C18.0976 7.04738 18.0976 7.68054 17.7071 8.07107L11.3431 14.435C10.9526 14.8256 10.3195 14.8256 9.92893 14.435C9.53841 14.0445 9.53841 13.4113 9.92893 13.0208L14.5858 8.36396H1C0.447715 8.36396 0 7.91625 0 7.36396C0 6.81168 0.447715 6.36396 1 6.36396H14.5858L9.92893 1.70711C9.53841 1.31658 9.53841 0.683418 9.92893 0.292893C10.3195 -0.0976311 10.9526 -0.0976311 11.3431 0.292893Z\" fill=\"currentColor\" \/>\n                      <\/svg>\n                    \n                  <\/span>\n                <\/a>\n              <\/div>\n                      <\/div>\n                     \n            <div class=\"w-full aspect-[1\/1]\">\n              <img decoding=\"async\" width=\"829\" height=\"829\" src=\"https:\/\/www.claudius-therme.de\/app\/uploads\/2025\/01\/Saunadorf-aspect-ratio-900-900.jpg\" class=\"w-full h-full object-cover position-center\" alt=\"Ein ovaler Au\u00dfenpool, dahinter einige Saunah\u00fctten, im Vordergrund ein Baum, in dem Korblampen h\u00e4ngen\" srcset=\"https:\/\/www.claudius-therme.de\/app\/uploads\/2025\/01\/Saunadorf-aspect-ratio-900-900.jpg 829w, https:\/\/www.claudius-therme.de\/app\/uploads\/2025\/01\/Saunadorf-aspect-ratio-900-900-150x150.jpg 150w, https:\/\/www.claudius-therme.de\/app\/uploads\/2025\/01\/Saunadorf-aspect-ratio-900-900-300x300.jpg 300w, https:\/\/www.claudius-therme.de\/app\/uploads\/2025\/01\/Saunadorf-aspect-ratio-900-900-768x768.jpg 768w\" sizes=\"(max-width: 829px) 100vw, 829px\" \/>            <\/div>\n                  <\/article>\n\n      \n                <article class=\"teasercard_ w-full  overflow-hidden flex flex-col-reverse delay-[300ms] duration-[600ms] taos:scale-[0.9] taos:opacity-0 [animation-iteration-count:infinite]\" data-taos-offset=\"0\">\n\n          <div class=\"py-6 flex flex-col gap-3  justify-between h-full\">\n            <div class=\"flex flex-col gap-3 \">\n              <h4 class=\"hl-4  my-0\">Treatments &amp; ceremonies<\/h4>\n                              <div class=\"tx-3  my-0 wysiwyg-content-text\"><p>Besides many free salt, fruit and venik Aufguss sessions, you can also enjoy a banya ritual or various treatments in our Seraglio Bath.<\/p>\n<\/div>\n                          <\/div>\n                          <div>\n                <a tabindex=\"0\" href=\"https:\/\/claudius-therme.de\/sauna\/anwendungen\/\" class=\"group btn -textlink \" target=\"\">\n                  <span class=\"relative\">\n                    \n                    Go to the treatments &amp; ceremonies                                          <svg class=\"transition-all absolute right-0 z-20 group-hover:-right-2 \" width=\"18\" height=\"15\" viewBox=\"0 0 18 15\" fill=\"none\" xmlns=\"http:\/\/www.w3.org\/2000\/svg\">\n                        <path fill-rule=\"evenodd\" clip-rule=\"evenodd\" d=\"M11.3431 0.292893L17.7071 6.65685C18.0976 7.04738 18.0976 7.68054 17.7071 8.07107L11.3431 14.435C10.9526 14.8256 10.3195 14.8256 9.92893 14.435C9.53841 14.0445 9.53841 13.4113 9.92893 13.0208L14.5858 8.36396H1C0.447715 8.36396 0 7.91625 0 7.36396C0 6.81168 0.447715 6.36396 1 6.36396H14.5858L9.92893 1.70711C9.53841 1.31658 9.53841 0.683418 9.92893 0.292893C10.3195 -0.0976311 10.9526 -0.0976311 11.3431 0.292893Z\" fill=\"currentColor\" \/>\n                      <\/svg>\n                    \n                  <\/span>\n                <\/a>\n              <\/div>\n                      <\/div>\n                     \n            <div class=\"w-full aspect-[1\/1]\">\n              <img decoding=\"async\" width=\"829\" height=\"829\" src=\"https:\/\/www.claudius-therme.de\/app\/uploads\/2025\/02\/Wennikaufguss-aspect-ratio-900-900-1.jpg\" class=\"w-full h-full object-cover position-center\" alt=\"Ein nasser Birkenzweig wird aus einem Kupfertopf in einer Saunah\u00fctte gehoben\" srcset=\"https:\/\/www.claudius-therme.de\/app\/uploads\/2025\/02\/Wennikaufguss-aspect-ratio-900-900-1.jpg 829w, https:\/\/www.claudius-therme.de\/app\/uploads\/2025\/02\/Wennikaufguss-aspect-ratio-900-900-1-300x300.jpg 300w, https:\/\/www.claudius-therme.de\/app\/uploads\/2025\/02\/Wennikaufguss-aspect-ratio-900-900-1-150x150.jpg 150w, https:\/\/www.claudius-therme.de\/app\/uploads\/2025\/02\/Wennikaufguss-aspect-ratio-900-900-1-768x768.jpg 768w\" sizes=\"(max-width: 829px) 100vw, 829px\" \/>            <\/div>\n                  <\/article>\n\n          <\/div>\n  <\/div>\n<\/div>","protected":false},"excerpt":{"rendered":"","protected":false},"author":1,"featured_media":0,"parent":3068,"menu_order":0,"comment_status":"closed","ping_status":"closed","template":"","meta":{"_acf_changed":false,"footnotes":""},"class_list":["post-3163","page","type-page","status-publish","hentry"],"acf":[],"yoast_head":"<!-- This site is optimized with the Yoast SEO plugin v27.4 - https:\/\/yoast.com\/product\/yoast-seo-wordpress\/ -->\n<title>Rose Terraces | Claudius Therme K\u00f6ln<\/title>\n<meta name=\"robots\" content=\"index, follow, max-snippet:-1, max-image-preview:large, max-video-preview:-1\" \/>\n<link rel=\"canonical\" href=\"https:\/\/www.claudius-therme.de\/en\/sauna-area\/rosenterassen\/\" \/>\n<meta property=\"og:locale\" content=\"en_US\" \/>\n<meta property=\"og:type\" content=\"article\" \/>\n<meta property=\"og:title\" content=\"Rose Terraces | Claudius Therme K\u00f6ln\" \/>\n<meta property=\"og:url\" content=\"https:\/\/www.claudius-therme.de\/en\/sauna-area\/rosenterassen\/\" \/>\n<meta property=\"og:site_name\" content=\"Claudius Therme K\u00f6ln\" \/>\n<meta property=\"article:modified_time\" content=\"2025-04-27T08:10:03+00:00\" \/>\n<meta name=\"twitter:card\" content=\"summary_large_image\" \/>\n<script type=\"application\/ld+json\" class=\"yoast-schema-graph\">{\"@context\":\"https:\\\/\\\/schema.org\",\"@graph\":[{\"@type\":\"WebPage\",\"@id\":\"https:\\\/\\\/www.claudius-therme.de\\\/en\\\/sauna-area\\\/rosenterassen\\\/\",\"url\":\"https:\\\/\\\/www.claudius-therme.de\\\/en\\\/sauna-area\\\/rosenterassen\\\/\",\"name\":\"Rose Terraces | Claudius Therme K\u00f6ln\",\"isPartOf\":{\"@id\":\"https:\\\/\\\/www.claudius-therme.de\\\/en\\\/#website\"},\"datePublished\":\"2025-01-09T06:30:22+00:00\",\"dateModified\":\"2025-04-27T08:10:03+00:00\",\"breadcrumb\":{\"@id\":\"https:\\\/\\\/www.claudius-therme.de\\\/en\\\/sauna-area\\\/rosenterassen\\\/#breadcrumb\"},\"inLanguage\":\"en-US\",\"potentialAction\":[{\"@type\":\"ReadAction\",\"target\":[\"https:\\\/\\\/www.claudius-therme.de\\\/en\\\/sauna-area\\\/rosenterassen\\\/\"]}]},{\"@type\":\"BreadcrumbList\",\"@id\":\"https:\\\/\\\/www.claudius-therme.de\\\/en\\\/sauna-area\\\/rosenterassen\\\/#breadcrumb\",\"itemListElement\":[{\"@type\":\"ListItem\",\"position\":1,\"name\":\"Startseite\",\"item\":\"https:\\\/\\\/www.claudius-therme.de\\\/en\\\/\"},{\"@type\":\"ListItem\",\"position\":2,\"name\":\"Sauna area\",\"item\":\"https:\\\/\\\/www.claudius-therme.de\\\/en\\\/sauna-area\\\/\"},{\"@type\":\"ListItem\",\"position\":3,\"name\":\"Rose Terraces\"}]},{\"@type\":\"WebSite\",\"@id\":\"https:\\\/\\\/www.claudius-therme.de\\\/en\\\/#website\",\"url\":\"https:\\\/\\\/www.claudius-therme.de\\\/en\\\/\",\"name\":\"Claudius Therme K\u00f6ln | Wellness mit Blick auf den Dom\",\"description\":\"\",\"potentialAction\":[{\"@type\":\"SearchAction\",\"target\":{\"@type\":\"EntryPoint\",\"urlTemplate\":\"https:\\\/\\\/www.claudius-therme.de\\\/en\\\/?s={search_term_string}\"},\"query-input\":{\"@type\":\"PropertyValueSpecification\",\"valueRequired\":true,\"valueName\":\"search_term_string\"}}],\"inLanguage\":\"en-US\"}]}<\/script>\n<!-- \/ Yoast SEO plugin. -->","yoast_head_json":{"title":"Rose Terraces | Claudius Therme K\u00f6ln","robots":{"index":"index","follow":"follow","max-snippet":"max-snippet:-1","max-image-preview":"max-image-preview:large","max-video-preview":"max-video-preview:-1"},"canonical":"https:\/\/www.claudius-therme.de\/en\/sauna-area\/rosenterassen\/","og_locale":"en_US","og_type":"article","og_title":"Rose Terraces | Claudius Therme K\u00f6ln","og_url":"https:\/\/www.claudius-therme.de\/en\/sauna-area\/rosenterassen\/","og_site_name":"Claudius Therme K\u00f6ln","article_modified_time":"2025-04-27T08:10:03+00:00","twitter_card":"summary_large_image","schema":{"@context":"https:\/\/schema.org","@graph":[{"@type":"WebPage","@id":"https:\/\/www.claudius-therme.de\/en\/sauna-area\/rosenterassen\/","url":"https:\/\/www.claudius-therme.de\/en\/sauna-area\/rosenterassen\/","name":"Rose Terraces | Claudius Therme K\u00f6ln","isPartOf":{"@id":"https:\/\/www.claudius-therme.de\/en\/#website"},"datePublished":"2025-01-09T06:30:22+00:00","dateModified":"2025-04-27T08:10:03+00:00","breadcrumb":{"@id":"https:\/\/www.claudius-therme.de\/en\/sauna-area\/rosenterassen\/#breadcrumb"},"inLanguage":"en-US","potentialAction":[{"@type":"ReadAction","target":["https:\/\/www.claudius-therme.de\/en\/sauna-area\/rosenterassen\/"]}]},{"@type":"BreadcrumbList","@id":"https:\/\/www.claudius-therme.de\/en\/sauna-area\/rosenterassen\/#breadcrumb","itemListElement":[{"@type":"ListItem","position":1,"name":"Startseite","item":"https:\/\/www.claudius-therme.de\/en\/"},{"@type":"ListItem","position":2,"name":"Sauna area","item":"https:\/\/www.claudius-therme.de\/en\/sauna-area\/"},{"@type":"ListItem","position":3,"name":"Rose Terraces"}]},{"@type":"WebSite","@id":"https:\/\/www.claudius-therme.de\/en\/#website","url":"https:\/\/www.claudius-therme.de\/en\/","name":"Claudius Therme K\u00f6ln | Wellness mit Blick auf den Dom","description":"","potentialAction":[{"@type":"SearchAction","target":{"@type":"EntryPoint","urlTemplate":"https:\/\/www.claudius-therme.de\/en\/?s={search_term_string}"},"query-input":{"@type":"PropertyValueSpecification","valueRequired":true,"valueName":"search_term_string"}}],"inLanguage":"en-US"}]}},"_links":{"self":[{"href":"https:\/\/www.claudius-therme.de\/en\/wp-json\/wp\/v2\/pages\/3163","targetHints":{"allow":["GET"]}}],"collection":[{"href":"https:\/\/www.claudius-therme.de\/en\/wp-json\/wp\/v2\/pages"}],"about":[{"href":"https:\/\/www.claudius-therme.de\/en\/wp-json\/wp\/v2\/types\/page"}],"author":[{"embeddable":true,"href":"https:\/\/www.claudius-therme.de\/en\/wp-json\/wp\/v2\/users\/1"}],"replies":[{"embeddable":true,"href":"https:\/\/www.claudius-therme.de\/en\/wp-json\/wp\/v2\/comments?post=3163"}],"version-history":[{"count":5,"href":"https:\/\/www.claudius-therme.de\/en\/wp-json\/wp\/v2\/pages\/3163\/revisions"}],"predecessor-version":[{"id":4213,"href":"https:\/\/www.claudius-therme.de\/en\/wp-json\/wp\/v2\/pages\/3163\/revisions\/4213"}],"up":[{"embeddable":true,"href":"https:\/\/www.claudius-therme.de\/en\/wp-json\/wp\/v2\/pages\/3068"}],"wp:attachment":[{"href":"https:\/\/www.claudius-therme.de\/en\/wp-json\/wp\/v2\/media?parent=3163"}],"curies":[{"name":"wp","href":"https:\/\/api.w.org\/{rel}","templated":true}]}}